{"id":2854,"date":"2019-02-08T13:04:10","date_gmt":"2019-02-08T11:04:10","guid":{"rendered":"https:\/\/www.ameliestudio.one\/Cursuri\/?post_type=courses&#038;p=2854"},"modified":"2023-12-20T14:35:14","modified_gmt":"2023-12-20T12:35:14","slug":"curs-colorimetrie-de-baza-intensiv","status":"publish","type":"courses","link":"https:\/\/www.ameliestudio.one\/Cursuri\/courses\/curs-colorimetrie-de-baza-intensiv\/","title":{"rendered":"Curs colorimetrie de baz\u0103 intensiv"},"content":{"rendered":"<div class=\"descriere-cursuri\">\n<p>\u00cen cadrul cursului repunem <strong>bazele Colorimetriei<\/strong> al\u0103turi de trainerul <strong>Gabriela Stoian<\/strong>! Un curs intensiv, cu teorie complet\u0103 \u0219i demonstra\u021bii din partea trainerului, ce te vor ajuta s\u0103 acumulezi informa\u021biile cheie necesare pentru un vopsit corect.<\/p>\n<p>Dac\u0103 \u021bi-ai dat seama c\u0103 modalitatea de a colora p\u0103rul pe care o folose\u0219ti nu este una eficient\u0103, nu de\u021bii destule informa\u021bii sau, pur \u0219i simplu, \u00ee\u021bi dore\u0219ti s\u0103 \u00ee\u021bi \u00eembun\u0103t\u0103\u021be\u0219ti tehnica de lucru, acest curs este dedicat \u021bie!<\/p>\n<p>Te \u00eent\u00e2mpin\u0103m cu o atmosfer\u0103 pl\u0103cut\u0103, trainer deschis \u0219i extrem de pasionat de ceea ce face, dar mai ales cu mult mult entuziasm!<\/p>\n<hr class=\"separator-cursuri\" \/>\n<p>Cursul de colorimetrie va avea o durat\u0103 de <strong>2 zile full<\/strong>.<\/p>\n<p>Pre\u021bul acestui curs este de <strong>1450 lei<\/strong><\/p>\n<p>Dup\u0103 terminarea cursului de colorimetrie de baz\u0103 vei primi din partea Salonului o Diplom\u0103 de participare.<\/p>\n<p><strong>Str. Unirii nr. 72 AMELIE\u2019STUDIO (\u00cen spate la Eurostil)<\/strong><br \/>\n<strong>Telefon: 0728 625 567<\/strong><\/p>\n<\/div>\n","protected":false},"excerpt":{"rendered":"<p>\u00cen cadrul cursului repunem bazele Colorimetriei al\u0103turi de trainerul Gabriela Stoian! Un curs intensiv, cu teorie complet\u0103 \u0219i demonstra\u021bii din partea trainerului, ce te vor ajuta s\u0103 acumulezi informa\u021biile cheie necesare pentru un vopsit corect. Dac\u0103 \u021bi-ai dat seama c\u0103 modalitatea de a colora p\u0103rul pe care o folose\u0219ti nu este una eficient\u0103, nu de\u021bii [&hellip;]<\/p>\n","protected":false},"author":2,"featured_media":3324,"template":"","course-category":[39],"course-tag":[],"class_list":["post-2854","courses","type-courses","status-publish","has-post-thumbnail","hentry","course-category-coafeza"],"_links":{"self":[{"href":"https:\/\/www.ameliestudio.one\/Cursuri\/wp-json\/wp\/v2\/courses\/2854","targetHints":{"allow":["GET"]}}],"collection":[{"href":"https:\/\/www.ameliestudio.one\/Cursuri\/wp-json\/wp\/v2\/courses"}],"about":[{"href":"https:\/\/www.ameliestudio.one\/Cursuri\/wp-json\/wp\/v2\/types\/courses"}],"author":[{"embeddable":true,"href":"https:\/\/www.ameliestudio.one\/Cursuri\/wp-json\/wp\/v2\/users\/2"}],"wp:featuredmedia":[{"embeddable":true,"href":"https:\/\/www.ameliestudio.one\/Cursuri\/wp-json\/wp\/v2\/media\/3324"}],"wp:attachment":[{"href":"https:\/\/www.ameliestudio.one\/Cursuri\/wp-json\/wp\/v2\/media?parent=2854"}],"wp:term":[{"taxonomy":"course-category","embeddable":true,"href":"https:\/\/www.ameliestudio.one\/Cursuri\/wp-json\/wp\/v2\/course-category?post=2854"},{"taxonomy":"course-tag","embeddable":true,"href":"https:\/\/www.ameliestudio.one\/Cursuri\/wp-json\/wp\/v2\/course-tag?post=2854"}],"curies":[{"name":"wp","href":"https:\/\/api.w.org\/{rel}","templated":true}]}}